{"id":5660,"date":"2026-05-01T00:54:39","date_gmt":"2026-04-30T22:54:39","guid":{"rendered":"https:\/\/exploraelperu.com\/passeios-tradicionais\/"},"modified":"2026-05-01T04:30:48","modified_gmt":"2026-05-01T02:30:48","slug":"passeios-tradicionais","status":"publish","type":"page","link":"https:\/\/exploraelperu.com\/pt-br\/passeios-tradicionais\/","title":{"rendered":"Passeios tradicionais"},"content":{"rendered":"\t\t<div data-elementor-type=\"wp-page\" data-elementor-id=\"5660\" class=\"elementor elementor-5660 elementor-5454\">\n\t\t\t\t<div class=\"elementor-element elementor-element-2b36934e e-flex e-con-boxed e-con e-parent\" data-id=\"2b36934e\" data-element_type=\"container\" data-e-type=\"container\" data-settings=\"{&quot;background_background&quot;:&quot;classic&quot;}\">\n\t\t\t\t\t<div class=\"e-con-inner\">\n\t\t<div class=\"elementor-element elementor-element-330b0ee4 e-con-full e-flex elementor-invisible e-con e-child\" data-id=\"330b0ee4\" data-element_type=\"container\" data-e-type=\"container\" data-settings=\"{&quot;animation&quot;:&quot;fadeIn&quot;}\">\n\t\t\t\t<div class=\"elementor-element elementor-element-6bb8de9b elementor-widget elementor-widget-shortcode\" data-id=\"6bb8de9b\" data-element_type=\"widget\" data-e-type=\"widget\" data-widget_type=\"shortcode.default\">\n\t\t\t\t\t\t\t<div class=\"elementor-shortcode\">    <nav class=\"dh-breadcrumb\" aria-label=\"Breadcrumb\">\n        <a href=\"https:\/\/exploraelperu.com\/pt-br\/\">Inicio<\/a>\n\n        <span class=\"separator\">\u203a<\/span><a href=\"https:\/\/exploraelperu.com\/pt-br\/pt-br\/\">Pt Br<\/a><span class=\"separator\">\u203a<\/span><a href=\"https:\/\/exploraelperu.com\/pt-br\/pt-br\/wp-json\/\">Wp Json<\/a><span class=\"separator\">\u203a<\/span><a href=\"https:\/\/exploraelperu.com\/pt-br\/pt-br\/wp-json\/wp\/\">Wp<\/a><span class=\"separator\">\u203a<\/span><a href=\"https:\/\/exploraelperu.com\/pt-br\/pt-br\/wp-json\/wp\/v2\/\">V2<\/a><span class=\"separator\">\u203a<\/span><a href=\"https:\/\/exploraelperu.com\/pt-br\/pt-br\/wp-json\/wp\/v2\/pages\/\">Pages<\/a><span class=\"separator\">\u203a<\/span><span class=\"current\">5660<\/span>    <\/nav>\n    \n<\/div>\n\t\t\t\t\t\t<\/div>\n\t\t\t\t<div class=\"elementor-element elementor-element-51e71cbb elementor-widget elementor-widget-heading\" data-id=\"51e71cbb\" data-element_type=\"widget\" data-e-type=\"widget\" data-widget_type=\"heading.default\">\n\t\t\t\t\t<h1 class=\"elementor-heading-title elementor-size-default\">Passeios tradicionaisPasseios tradicionais<\/h1>\t\t\t\t<\/div>\n\t\t\t\t<\/div>\n\t\t\t\t\t<\/div>\n\t\t\t\t<\/div>\n\t\t<div class=\"elementor-element elementor-element-4fe7b31d e-flex e-con-boxed e-con e-parent\" data-id=\"4fe7b31d\" data-element_type=\"container\" data-e-type=\"container\">\n\t\t\t\t\t<div class=\"e-con-inner\">\n\t\t\t\t<div class=\"elementor-element elementor-element-13d9d925 elementor-widget elementor-widget-shortcode\" data-id=\"13d9d925\" data-element_type=\"widget\" data-e-type=\"widget\" data-widget_type=\"shortcode.default\">\n\t\t\t\t\t\t\t<div class=\"elementor-shortcode\">\n    <div class=\"seccion-slider\">\n        <div class=\"wrap__slider__destinos swiper max-w-screen-xl mx-auto\">\n            <div class=\"swiper-wrapper\">\n\n            \n                <div class=\"swiper-slide\">\n                    <article class=\"cts-card\">\n                        <a href=\"https:\/\/exploraelperu.com\/pt-br\/tour\/valle-sagrado-tradicional-y-machu-picchu-2-dias\/\"\n                           class=\"\">\n\t\t\t\t\t\t\t<div class=\"cts-card-image\">\n\t\t\t\t\t\t\t\t <img decoding=\"async\" src=\"https:\/\/exploraelperu.com\/wp-content\/uploads\/2025\/06\/valle-sagrado-tour-tradicional-y-machu-picchu-2-dias.webp\"\n                                 alt=\"Vale Sagrado Tradicional e Machu Picchu 2 D\u00edas\"\n                                 class=\" \">\n\t\t\t\t\t\t\t<\/div>\n                        <\/a>\n                        <div class=\"cts-card-content\">\n                            <div class=\"space-y-2\">\n                                <h4 class=\"\">\n                                    <a href=\"https:\/\/exploraelperu.com\/pt-br\/tour\/valle-sagrado-tradicional-y-machu-picchu-2-dias\/\" class=\"hover:underline\">\n                                        Vale Sagrado Tradicional e Machu Picchu 2 D\u00edas                                    <\/a>\n                                <\/h4>\n\n                                                                <div class=\"info-tour-card\">\n\n                                                                        <span class=\"\">\n                                        <i class=\"fa-solid fa-clock\"><\/i>\n                                        D\u00eda Completo                                    <\/span>\n                                    \n                                                                        <span class=\"\">\n                                        <i class=\"fa-solid fa-person-hiking\"><\/i>\n                                        F\u00e1cil                                    <\/span>\n                                    \n                                <\/div>\n                                \n                                <p class=\"text-muted-foreground line-clamp-3\">\n                                    Excurs\u00e3o ao Vale Sagrado Tradicional e Machu Picchu Dura\u00e7\u00e3o Tamanho do grupo Altura m\u00e1xima Dificuldade Excursi\u00f3n de medio d\u00eda por la ciudad de Cuzco Descubra o Cora\u00e7\u00e3o do Imp\u00e9rio Inca: Uma Experi\u00eancia Inesquec\u00edvel pelo Vale Sagrado e Machu Picchu Mergulhe em uma aventura fascinante que combina hist\u00f3ria, cultura viva e paisagens andinas de tirar o [&hellip;]                                <\/p>\n                            <\/div>\n\n                                                        <div class=\"preciaso\">\n                                <p class=\"\">\n                                    Desde:<br>\n                                    <b class=\"text-2xl text-foreground\">\n                                        <i class=\"fa-solid fa-tag\"><\/i> $50                                    <\/b> \/ por pessoa                                <\/p>\n                            <\/div>\n                            \n                        <\/div>\n                    <\/article>\n                <\/div>\n\n            \n                <div class=\"swiper-slide\">\n                    <article class=\"cts-card\">\n                        <a href=\"https:\/\/exploraelperu.com\/pt-br\/tour\/vale-sul-cusco\/\"\n                           class=\"\">\n\t\t\t\t\t\t\t<div class=\"cts-card-image\">\n\t\t\t\t\t\t\t\t <img decoding=\"async\" src=\"https:\/\/exploraelperu.com\/wp-content\/uploads\/2025\/03\/tipon-1-768x432.webp\"\n                                 alt=\"Vale Sul Cusco\"\n                                 class=\" \">\n\t\t\t\t\t\t\t<\/div>\n                        <\/a>\n                        <div class=\"cts-card-content\">\n                            <div class=\"space-y-2\">\n                                <h4 class=\"\">\n                                    <a href=\"https:\/\/exploraelperu.com\/pt-br\/tour\/vale-sul-cusco\/\" class=\"hover:underline\">\n                                        Vale Sul Cusco                                    <\/a>\n                                <\/h4>\n\n                                                                <div class=\"info-tour-card\">\n\n                                                                        <span class=\"\">\n                                        <i class=\"fa-solid fa-clock\"><\/i>\n                                        D\u00eda Completo                                    <\/span>\n                                    \n                                                                        <span class=\"\">\n                                        <i class=\"fa-solid fa-person-hiking\"><\/i>\n                                        F\u00e1cil                                    <\/span>\n                                    \n                                <\/div>\n                                \n                                <p class=\"text-muted-foreground line-clamp-3\">\n                                    Excurs\u00e3o ao Valle Sur, em Cusco Dura\u00e7\u00e3o Tamanho do grupo Altura m\u00e1xima Dificuldade Excurs\u00e3o de meio dia ao Valle Sur, em Cusco Cusco, conhecido como o \u201cOmbligo do Mundo\u201d e antigo epicentro do vasto Imp\u00e9rio Inca, \u00e9 uma joia hist\u00f3rica e cultural que atrai milhares de viajantes de todo o mundo. Neste fascinante tour, exploraremos [&hellip;]                                <\/p>\n                            <\/div>\n\n                                                        <div class=\"preciaso\">\n                                <p class=\"\">\n                                    Desde:<br>\n                                    <b class=\"text-2xl text-foreground\">\n                                        <i class=\"fa-solid fa-tag\"><\/i> $50                                    <\/b> \/ por pessoa                                <\/p>\n                            <\/div>\n                            \n                        <\/div>\n                    <\/article>\n                <\/div>\n\n            \n                <div class=\"swiper-slide\">\n                    <article class=\"cts-card\">\n                        <a href=\"https:\/\/exploraelperu.com\/pt-br\/tour\/vale-sagrado-tradicional\/\"\n                           class=\"\">\n\t\t\t\t\t\t\t<div class=\"cts-card-image\">\n\t\t\t\t\t\t\t\t <img decoding=\"async\" src=\"https:\/\/exploraelperu.com\/wp-content\/uploads\/2025\/03\/pisac.webp\"\n                                 alt=\"Vale Sagrado Tradicional\"\n                                 class=\" \">\n\t\t\t\t\t\t\t<\/div>\n                        <\/a>\n                        <div class=\"cts-card-content\">\n                            <div class=\"space-y-2\">\n                                <h4 class=\"\">\n                                    <a href=\"https:\/\/exploraelperu.com\/pt-br\/tour\/vale-sagrado-tradicional\/\" class=\"hover:underline\">\n                                        Vale Sagrado Tradicional                                    <\/a>\n                                <\/h4>\n\n                                                                <div class=\"info-tour-card\">\n\n                                                                        <span class=\"\">\n                                        <i class=\"fa-solid fa-clock\"><\/i>\n                                        D\u00eda Completo                                    <\/span>\n                                    \n                                                                        <span class=\"\">\n                                        <i class=\"fa-solid fa-person-hiking\"><\/i>\n                                        F\u00e1cil                                    <\/span>\n                                    \n                                <\/div>\n                                \n                                <p class=\"text-muted-foreground line-clamp-3\">\n                                    Excurs\u00e3o ao Vale Sagrado Dura\u00e7\u00e3o Tamanho do grupo Altura m\u00e1xima Dificuldade Excurs\u00e3o de dia inteiro ao Vale Sagrado \u00c9 uma excurs\u00e3o de dia inteiro que percorre os principais s\u00edtios arqueol\u00f3gicos e paisagens andinas da regi\u00e3o. Inclui visitas a Pisac, com seu impressionante complexo inca e o mercado artesanal localizado neste povoado; Ollantaytambo, uma antiga fortaleza [&hellip;]                                <\/p>\n                            <\/div>\n\n                                                        <div class=\"preciaso\">\n                                <p class=\"\">\n                                    Desde:<br>\n                                    <b class=\"text-2xl text-foreground\">\n                                        <i class=\"fa-solid fa-tag\"><\/i> $50                                    <\/b> \/ por pessoa                                <\/p>\n                            <\/div>\n                            \n                        <\/div>\n                    <\/article>\n                <\/div>\n\n            \n                <div class=\"swiper-slide\">\n                    <article class=\"cts-card\">\n                        <a href=\"https:\/\/exploraelperu.com\/pt-br\/tour\/maras-e-moray\/\"\n                           class=\"\">\n\t\t\t\t\t\t\t<div class=\"cts-card-image\">\n\t\t\t\t\t\t\t\t <img decoding=\"async\" src=\"https:\/\/exploraelperu.com\/wp-content\/uploads\/2025\/03\/moray-1-768x960.webp\"\n                                 alt=\"Maras e Moray\"\n                                 class=\" \">\n\t\t\t\t\t\t\t<\/div>\n                        <\/a>\n                        <div class=\"cts-card-content\">\n                            <div class=\"space-y-2\">\n                                <h4 class=\"\">\n                                    <a href=\"https:\/\/exploraelperu.com\/pt-br\/tour\/maras-e-moray\/\" class=\"hover:underline\">\n                                        Maras e Moray                                    <\/a>\n                                <\/h4>\n\n                                                                <div class=\"info-tour-card\">\n\n                                                                        <span class=\"\">\n                                        <i class=\"fa-solid fa-clock\"><\/i>\n                                        D\u00eda Completo                                    <\/span>\n                                    \n                                                                        <span class=\"\">\n                                        <i class=\"fa-solid fa-person-hiking\"><\/i>\n                                        F\u00e1cil                                    <\/span>\n                                    \n                                <\/div>\n                                \n                                <p class=\"text-muted-foreground line-clamp-3\">\n                                    Excurs\u00e3o a Maras e Moray Dura\u00e7\u00e3o Tamanho do grupo Altura m\u00e1xima Dificuldade Excurs\u00e3o de meio dia a Maras e Morayv As Salinas de Maras e o complexo arqueol\u00f3gico de Moray s\u00e3o duas atra\u00e7\u00f5es impressionantes localizadas perto de Cusco, Peru. Salinas de Maras: S\u00e3o mais de 5.000 pequenas po\u00e7as cheias de \u00e1gua salgada, que se evaporam [&hellip;]                                <\/p>\n                            <\/div>\n\n                                                        <div class=\"preciaso\">\n                                <p class=\"\">\n                                    Desde:<br>\n                                    <b class=\"text-2xl text-foreground\">\n                                        <i class=\"fa-solid fa-tag\"><\/i> $50                                    <\/b> \/ por pessoa                                <\/p>\n                            <\/div>\n                            \n                        <\/div>\n                    <\/article>\n                <\/div>\n\n            \n                <div class=\"swiper-slide\">\n                    <article class=\"cts-card\">\n                        <a href=\"https:\/\/exploraelperu.com\/pt-br\/tour\/machu-picchu-de-carro-2-dias\/\"\n                           class=\"\">\n\t\t\t\t\t\t\t<div class=\"cts-card-image\">\n\t\t\t\t\t\t\t\t <img decoding=\"async\" src=\"https:\/\/exploraelperu.com\/wp-content\/uploads\/2024\/11\/tour-a-machu-picchu-en-bus.webp\"\n                                 alt=\"Machu Picchu de carro 2 d\u00edas\"\n                                 class=\" \">\n\t\t\t\t\t\t\t<\/div>\n                        <\/a>\n                        <div class=\"cts-card-content\">\n                            <div class=\"space-y-2\">\n                                <h4 class=\"\">\n                                    <a href=\"https:\/\/exploraelperu.com\/pt-br\/tour\/machu-picchu-de-carro-2-dias\/\" class=\"hover:underline\">\n                                        Machu Picchu de carro 2 d\u00edas                                    <\/a>\n                                <\/h4>\n\n                                                                <div class=\"info-tour-card\">\n\n                                                                        <span class=\"\">\n                                        <i class=\"fa-solid fa-clock\"><\/i>\n                                        D\u00eda Completo                                    <\/span>\n                                    \n                                                                        <span class=\"\">\n                                        <i class=\"fa-solid fa-person-hiking\"><\/i>\n                                        F\u00e1cil                                    <\/span>\n                                    \n                                <\/div>\n                                \n                                <p class=\"text-muted-foreground line-clamp-3\">\n                                    Excurs\u00e3o a Machu Picchu de carro Dura\u00e7\u00e3o Tamanho do grupo Altura m\u00e1xima Dificuldade Excurs\u00e3o de carro a Machu Picchu \u2013 2 dias Esta \u00e9 uma rota de entrada para Machu Picchu, mais conhecida como rota amaz\u00f4nica. \u00c9 uma alternativa econ\u00f4mica para descobrir a grande maravilha. A viagem de transporte de Cusco at\u00e9 a Hidroel\u00e9ctrica leva [&hellip;]                                <\/p>\n                            <\/div>\n\n                                                        <div class=\"preciaso\">\n                                <p class=\"\">\n                                    Desde:<br>\n                                    <b class=\"text-2xl text-foreground\">\n                                        <i class=\"fa-solid fa-tag\"><\/i> $50                                    <\/b> \/ por pessoa                                <\/p>\n                            <\/div>\n                            \n                        <\/div>\n                    <\/article>\n                <\/div>\n\n            \n                <div class=\"swiper-slide\">\n                    <article class=\"cts-card\">\n                        <a href=\"https:\/\/exploraelperu.com\/pt-br\/tour\/super-vale-sagrado-e-machu-picchu-2-dias\/\"\n                           class=\"\">\n\t\t\t\t\t\t\t<div class=\"cts-card-image\">\n\t\t\t\t\t\t\t\t <img decoding=\"async\" src=\"https:\/\/exploraelperu.com\/wp-content\/uploads\/2024\/04\/valle-sagrado-y-machu-picchu-tour-2-dias-768x1024.webp\"\n                                 alt=\"Super Vale Sagrado e Machu Picchu 2 D\u00edas\"\n                                 class=\" \">\n\t\t\t\t\t\t\t<\/div>\n                        <\/a>\n                        <div class=\"cts-card-content\">\n                            <div class=\"space-y-2\">\n                                <h4 class=\"\">\n                                    <a href=\"https:\/\/exploraelperu.com\/pt-br\/tour\/super-vale-sagrado-e-machu-picchu-2-dias\/\" class=\"hover:underline\">\n                                        Super Vale Sagrado e Machu Picchu 2 D\u00edas                                    <\/a>\n                                <\/h4>\n\n                                                                <div class=\"info-tour-card\">\n\n                                                                        <span class=\"\">\n                                        <i class=\"fa-solid fa-clock\"><\/i>\n                                        D\u00eda Completo                                    <\/span>\n                                    \n                                                                        <span class=\"\">\n                                        <i class=\"fa-solid fa-person-hiking\"><\/i>\n                                        F\u00e1cil                                    <\/span>\n                                    \n                                <\/div>\n                                \n                                <p class=\"text-muted-foreground line-clamp-3\">\n                                    Excurs\u00e3o ao Super Vale Sagrado e Machu Picchu Dura\u00e7\u00e3o Tamanho do grupo Altura m\u00e1xima Dificuldade Excurs\u00e3o de 2 dias ao Vale Sagrado e Machu Picchu Uma combina\u00e7\u00e3o perfeita para conhecer o melhor de Cusco. Fa\u00e7a este passeio de dois dias percorrendo as maravilhosas paisagens do Vale Sagrado, visitando s\u00edtios arqueol\u00f3gicos incas e desfrutando de um [&hellip;]                                <\/p>\n                            <\/div>\n\n                                                        <div class=\"preciaso\">\n                                <p class=\"\">\n                                    Desde:<br>\n                                    <b class=\"text-2xl text-foreground\">\n                                        <i class=\"fa-solid fa-tag\"><\/i> $50                                    <\/b> \/ por pessoa                                <\/p>\n                            <\/div>\n                            \n                        <\/div>\n                    <\/article>\n                <\/div>\n\n            \n                <div class=\"swiper-slide\">\n                    <article class=\"cts-card\">\n                        <a href=\"https:\/\/exploraelperu.com\/pt-br\/tour\/machu-picchu-1-dia\/\"\n                           class=\"\">\n\t\t\t\t\t\t\t<div class=\"cts-card-image\">\n\t\t\t\t\t\t\t\t <img decoding=\"async\" src=\"https:\/\/exploraelperu.com\/wp-content\/uploads\/2024\/11\/MAPI-EXPE-768x576.webp\"\n                                 alt=\"Machu Picchu 1 Dia\"\n                                 class=\" \">\n\t\t\t\t\t\t\t<\/div>\n                        <\/a>\n                        <div class=\"cts-card-content\">\n                            <div class=\"space-y-2\">\n                                <h4 class=\"\">\n                                    <a href=\"https:\/\/exploraelperu.com\/pt-br\/tour\/machu-picchu-1-dia\/\" class=\"hover:underline\">\n                                        Machu Picchu 1 Dia                                    <\/a>\n                                <\/h4>\n\n                                                                <div class=\"info-tour-card\">\n\n                                                                        <span class=\"\">\n                                        <i class=\"fa-solid fa-clock\"><\/i>\n                                        D\u00eda Completo                                    <\/span>\n                                    \n                                                                        <span class=\"\">\n                                        <i class=\"fa-solid fa-person-hiking\"><\/i>\n                                        F\u00e1cil                                    <\/span>\n                                    \n                                <\/div>\n                                \n                                <p class=\"text-muted-foreground line-clamp-3\">\n                                    Visita guiada a Machu Picchu Dura\u00e7\u00e3o Tamanho do grupo Altura m\u00e1xima Dificuldade Excurs\u00e3o de dia inteiro a Machu Picchu Considerada uma das 7 novas maravilhas do mundo moderno e um dos lugares que voc\u00ea deve visitar antes de morrer, Machu Picchu \u00e9 um santu\u00e1rio hist\u00f3rico localizado a 80 km a nordeste de Cusco e pertencente [&hellip;]                                <\/p>\n                            <\/div>\n\n                                                        <div class=\"preciaso\">\n                                <p class=\"\">\n                                    Desde:<br>\n                                    <b class=\"text-2xl text-foreground\">\n                                        <i class=\"fa-solid fa-tag\"><\/i> $50                                    <\/b> \/ por pessoa                                <\/p>\n                            <\/div>\n                            \n                        <\/div>\n                    <\/article>\n                <\/div>\n\n            \n                <div class=\"swiper-slide\">\n                    <article class=\"cts-card\">\n                        <a href=\"https:\/\/exploraelperu.com\/pt-br\/tour\/super-vale-sagrado\/\"\n                           class=\"\">\n\t\t\t\t\t\t\t<div class=\"cts-card-image\">\n\t\t\t\t\t\t\t\t <img decoding=\"async\" src=\"https:\/\/exploraelperu.com\/wp-content\/uploads\/2025\/03\/5658007123_b2daa24725_k_Explora-el-Peru-768x513.webp\"\n                                 alt=\"Super Vale Sagrado\"\n                                 class=\" \">\n\t\t\t\t\t\t\t<\/div>\n                        <\/a>\n                        <div class=\"cts-card-content\">\n                            <div class=\"space-y-2\">\n                                <h4 class=\"\">\n                                    <a href=\"https:\/\/exploraelperu.com\/pt-br\/tour\/super-vale-sagrado\/\" class=\"hover:underline\">\n                                        Super Vale Sagrado                                    <\/a>\n                                <\/h4>\n\n                                                                <div class=\"info-tour-card\">\n\n                                                                        <span class=\"\">\n                                        <i class=\"fa-solid fa-clock\"><\/i>\n                                        D\u00eda Completo                                    <\/span>\n                                    \n                                                                        <span class=\"\">\n                                        <i class=\"fa-solid fa-person-hiking\"><\/i>\n                                        F\u00e1cil                                    <\/span>\n                                    \n                                <\/div>\n                                \n                                <p class=\"text-muted-foreground line-clamp-3\">\n                                    Excurs\u00e3o ao Vale Sagrado + Maras e Moray Dura\u00e7\u00e3o Tamanho do grupo Altura m\u00e1xima Dificuldade Excurs\u00e3o de dia inteiro ao Vale Sagrado + Maras e Moray O Vale Sagrado, considerado um dos principais pontos de produ\u00e7\u00e3o agr\u00edcola pela riqueza de suas terras e tamb\u00e9m reconhecido por produzir o melhor gr\u00e3o de milho do Peru, ao [&hellip;]                                <\/p>\n                            <\/div>\n\n                                                        <div class=\"preciaso\">\n                                <p class=\"\">\n                                    Desde:<br>\n                                    <b class=\"text-2xl text-foreground\">\n                                        <i class=\"fa-solid fa-tag\"><\/i> $50                                    <\/b> \/ por pessoa                                <\/p>\n                            <\/div>\n                            \n                        <\/div>\n                    <\/article>\n                <\/div>\n\n            \n                <div class=\"swiper-slide\">\n                    <article class=\"cts-card\">\n                        <a href=\"https:\/\/exploraelperu.com\/pt-br\/tour\/city-tour-cusco\/\"\n                           class=\"\">\n\t\t\t\t\t\t\t<div class=\"cts-card-image\">\n\t\t\t\t\t\t\t\t <img decoding=\"async\" src=\"https:\/\/exploraelperu.com\/wp-content\/uploads\/2024\/04\/plaza-cusco_Explora-el-Peru-768x576.webp\"\n                                 alt=\"City tour Cusco\"\n                                 class=\" \">\n\t\t\t\t\t\t\t<\/div>\n                        <\/a>\n                        <div class=\"cts-card-content\">\n                            <div class=\"space-y-2\">\n                                <h4 class=\"\">\n                                    <a href=\"https:\/\/exploraelperu.com\/pt-br\/tour\/city-tour-cusco\/\" class=\"hover:underline\">\n                                        City tour Cusco                                    <\/a>\n                                <\/h4>\n\n                                                                <div class=\"info-tour-card\">\n\n                                                                        <span class=\"\">\n                                        <i class=\"fa-solid fa-clock\"><\/i>\n                                        D\u00eda Completo                                    <\/span>\n                                    \n                                                                        <span class=\"\">\n                                        <i class=\"fa-solid fa-person-hiking\"><\/i>\n                                        F\u00e1cil                                    <\/span>\n                                    \n                                <\/div>\n                                \n                                <p class=\"text-muted-foreground line-clamp-3\">\n                                    Passeio pela cidade de Cusco Dura\u00e7\u00e3o Tamanho do grupo Altura m\u00e1xima Dificuldade Passeio de meio dia pela cidade de Cusco Cusco, localizada a 3.350 metros acima do n\u00edvel do mar. \u00c9 uma cidade pitoresca e segura que possui edif\u00edcios de diferentes \u00e9pocas, inclusive dos per\u00edodos inca, colonial e republicano. Al\u00e9m de possuir uma popula\u00e7\u00e3o aproximada [&hellip;]                                <\/p>\n                            <\/div>\n\n                                                        <div class=\"preciaso\">\n                                <p class=\"\">\n                                    Desde:<br>\n                                    <b class=\"text-2xl text-foreground\">\n                                        <i class=\"fa-solid fa-tag\"><\/i> $50                                    <\/b> \/ por pessoa                                <\/p>\n                            <\/div>\n                            \n                        <\/div>\n                    <\/article>\n                <\/div>\n\n            \n            <\/div>\n\n            <div class=\"swiper-button-prev\"><svg viewBox=\"0 0 32 32\" version=\"1.1\" xmlns=\"http:\/\/www.w3.org\/2000\/svg\" xmlns:xlink=\"http:\/\/www.w3.org\/1999\/xlink\" fill=\"#000000\">\n                        <g id=\"SVGRepo_bgCarrier\" stroke-width=\"0\"><\/g>\n                        <g id=\"SVGRepo_tracerCarrier\" stroke-linecap=\"round\" stroke-linejoin=\"round\"><\/g>\n                        <g id=\"SVGRepo_iconCarrier\">\n                            <g id=\"icomoon-ignore\"> <\/g>\n                            <path d=\"M12.792 15.233l-0.754 0.754 6.035 6.035 0.754-0.754-5.281-5.281 5.256-5.256-0.754-0.754-3.013 3.013z\" fill=\"#000000\"> <\/path>\n                        <\/g>\n                    <\/svg><\/div>\n            <div class=\"swiper-button-next\"><svg viewBox=\"0 0 32 32\" version=\"1.1\" xmlns=\"http:\/\/www.w3.org\/2000\/svg\" xmlns:xlink=\"http:\/\/www.w3.org\/1999\/xlink\" fill=\"#000000\">\n                        <g id=\"SVGRepo_bgCarrier\" stroke-width=\"0\"><\/g>\n                        <g id=\"SVGRepo_tracerCarrier\" stroke-linecap=\"round\" stroke-linejoin=\"round\"><\/g>\n                        <g id=\"SVGRepo_iconCarrier\">\n                            <g id=\"icomoon-ignore\"> <\/g>\n                            <path d=\"M19.159 16.767l0.754-0.754-6.035-6.035-0.754 0.754 5.281 5.281-5.256 5.256 0.754 0.754 3.013-3.013z\" fill=\"#000000\"> <\/path>\n                        <\/g>\n                    <\/svg><\/div>\n\n        <\/div>\n    <\/div>\n\n    \n<\/div>\n\t\t\t\t\t\t<\/div>\n\t\t\t\t\t<\/div>\n\t\t\t\t<\/div>\n\t\t\t\t<\/div>\n\t\t","protected":false},"excerpt":{"rendered":"<p>Passeios tradicionaisPasseios tradicionais<\/p>\n","protected":false},"author":3,"featured_media":0,"parent":0,"menu_order":0,"comment_status":"closed","ping_status":"closed","template":"","meta":{"_acf_changed":false,"advgb_blocks_editor_width":"","advgb_blocks_columns_visual_guide":"","footnotes":""},"class_list":["post-5660","page","type-page","status-publish","hentry"],"acf":[],"yoast_head":"<!-- This site is optimized with the Yoast SEO plugin v26.9 - https:\/\/yoast.com\/product\/yoast-seo-wordpress\/ -->\n<title>Passeios tradicionais - Explora El Peru<\/title>\n<meta name=\"robots\" content=\"index, follow, max-snippet:-1, max-image-preview:large, max-video-preview:-1\" \/>\n<link rel=\"canonical\" href=\"https:\/\/exploraelperu.com\/pt-br\/passeios-tradicionais\/\" \/>\n<meta property=\"og:locale\" content=\"pt_BR\" \/>\n<meta property=\"og:type\" content=\"article\" \/>\n<meta property=\"og:title\" content=\"Passeios tradicionais - Explora El Peru\" \/>\n<meta property=\"og:description\" content=\"Passeios tradicionaisPasseios tradicionais\" \/>\n<meta property=\"og:url\" content=\"https:\/\/exploraelperu.com\/pt-br\/passeios-tradicionais\/\" \/>\n<meta property=\"og:site_name\" content=\"Explora El Peru\" \/>\n<meta property=\"article:modified_time\" content=\"2026-05-01T02:30:48+00:00\" \/>\n<meta name=\"twitter:card\" content=\"summary_large_image\" \/>\n<script type=\"application\/ld+json\" class=\"yoast-schema-graph\">{\"@context\":\"https:\/\/schema.org\",\"@graph\":[{\"@type\":\"WebPage\",\"@id\":\"https:\/\/exploraelperu.com\/pt-br\/passeios-tradicionais\/\",\"url\":\"https:\/\/exploraelperu.com\/pt-br\/passeios-tradicionais\/\",\"name\":\"Passeios tradicionais - Explora El Peru\",\"isPartOf\":{\"@id\":\"https:\/\/exploraelperu.com\/pt-br\/#website\"},\"datePublished\":\"2026-04-30T22:54:39+00:00\",\"dateModified\":\"2026-05-01T02:30:48+00:00\",\"breadcrumb\":{\"@id\":\"https:\/\/exploraelperu.com\/pt-br\/passeios-tradicionais\/#breadcrumb\"},\"inLanguage\":\"pt-BR\",\"potentialAction\":[{\"@type\":\"ReadAction\",\"target\":[\"https:\/\/exploraelperu.com\/pt-br\/passeios-tradicionais\/\"]}]},{\"@type\":\"BreadcrumbList\",\"@id\":\"https:\/\/exploraelperu.com\/pt-br\/passeios-tradicionais\/#breadcrumb\",\"itemListElement\":[{\"@type\":\"ListItem\",\"position\":1,\"name\":\"Inicio\",\"item\":\"https:\/\/exploraelperu.com\/pt-br\/\"},{\"@type\":\"ListItem\",\"position\":2,\"name\":\"Passeios tradicionais\"}]},{\"@type\":\"WebSite\",\"@id\":\"https:\/\/exploraelperu.com\/pt-br\/#website\",\"url\":\"https:\/\/exploraelperu.com\/pt-br\/\",\"name\":\"Explora El Peru\",\"description\":\"\",\"publisher\":{\"@id\":\"https:\/\/exploraelperu.com\/pt-br\/#organization\"},\"potentialAction\":[{\"@type\":\"SearchAction\",\"target\":{\"@type\":\"EntryPoint\",\"urlTemplate\":\"https:\/\/exploraelperu.com\/pt-br\/?s={search_term_string}\"},\"query-input\":{\"@type\":\"PropertyValueSpecification\",\"valueRequired\":true,\"valueName\":\"search_term_string\"}}],\"inLanguage\":\"pt-BR\"},{\"@type\":\"Organization\",\"@id\":\"https:\/\/exploraelperu.com\/pt-br\/#organization\",\"name\":\"Explora El Peru\",\"url\":\"https:\/\/exploraelperu.com\/pt-br\/\",\"logo\":{\"@type\":\"ImageObject\",\"inLanguage\":\"pt-BR\",\"@id\":\"https:\/\/exploraelperu.com\/pt-br\/#\/schema\/logo\/image\/\",\"url\":\"https:\/\/exploraelperu.com\/wp-content\/uploads\/2024\/04\/logo-explora.png\",\"contentUrl\":\"https:\/\/exploraelperu.com\/wp-content\/uploads\/2024\/04\/logo-explora.png\",\"width\":275,\"height\":104,\"caption\":\"Explora El Peru\"},\"image\":{\"@id\":\"https:\/\/exploraelperu.com\/pt-br\/#\/schema\/logo\/image\/\"}}]}<\/script>\n<!-- \/ Yoast SEO plugin. -->","yoast_head_json":{"title":"Passeios tradicionais - Explora El Peru","robots":{"index":"index","follow":"follow","max-snippet":"max-snippet:-1","max-image-preview":"max-image-preview:large","max-video-preview":"max-video-preview:-1"},"canonical":"https:\/\/exploraelperu.com\/pt-br\/passeios-tradicionais\/","og_locale":"pt_BR","og_type":"article","og_title":"Passeios tradicionais - Explora El Peru","og_description":"Passeios tradicionaisPasseios tradicionais","og_url":"https:\/\/exploraelperu.com\/pt-br\/passeios-tradicionais\/","og_site_name":"Explora El Peru","article_modified_time":"2026-05-01T02:30:48+00:00","twitter_card":"summary_large_image","schema":{"@context":"https:\/\/schema.org","@graph":[{"@type":"WebPage","@id":"https:\/\/exploraelperu.com\/pt-br\/passeios-tradicionais\/","url":"https:\/\/exploraelperu.com\/pt-br\/passeios-tradicionais\/","name":"Passeios tradicionais - Explora El Peru","isPartOf":{"@id":"https:\/\/exploraelperu.com\/pt-br\/#website"},"datePublished":"2026-04-30T22:54:39+00:00","dateModified":"2026-05-01T02:30:48+00:00","breadcrumb":{"@id":"https:\/\/exploraelperu.com\/pt-br\/passeios-tradicionais\/#breadcrumb"},"inLanguage":"pt-BR","potentialAction":[{"@type":"ReadAction","target":["https:\/\/exploraelperu.com\/pt-br\/passeios-tradicionais\/"]}]},{"@type":"BreadcrumbList","@id":"https:\/\/exploraelperu.com\/pt-br\/passeios-tradicionais\/#breadcrumb","itemListElement":[{"@type":"ListItem","position":1,"name":"Inicio","item":"https:\/\/exploraelperu.com\/pt-br\/"},{"@type":"ListItem","position":2,"name":"Passeios tradicionais"}]},{"@type":"WebSite","@id":"https:\/\/exploraelperu.com\/pt-br\/#website","url":"https:\/\/exploraelperu.com\/pt-br\/","name":"Explora El Peru","description":"","publisher":{"@id":"https:\/\/exploraelperu.com\/pt-br\/#organization"},"potentialAction":[{"@type":"SearchAction","target":{"@type":"EntryPoint","urlTemplate":"https:\/\/exploraelperu.com\/pt-br\/?s={search_term_string}"},"query-input":{"@type":"PropertyValueSpecification","valueRequired":true,"valueName":"search_term_string"}}],"inLanguage":"pt-BR"},{"@type":"Organization","@id":"https:\/\/exploraelperu.com\/pt-br\/#organization","name":"Explora El Peru","url":"https:\/\/exploraelperu.com\/pt-br\/","logo":{"@type":"ImageObject","inLanguage":"pt-BR","@id":"https:\/\/exploraelperu.com\/pt-br\/#\/schema\/logo\/image\/","url":"https:\/\/exploraelperu.com\/wp-content\/uploads\/2024\/04\/logo-explora.png","contentUrl":"https:\/\/exploraelperu.com\/wp-content\/uploads\/2024\/04\/logo-explora.png","width":275,"height":104,"caption":"Explora El Peru"},"image":{"@id":"https:\/\/exploraelperu.com\/pt-br\/#\/schema\/logo\/image\/"}}]}},"coauthors":[],"author_meta":{"author_link":"https:\/\/exploraelperu.com\/pt-br\/author\/miguel\/","display_name":"miguel marquez"},"relative_dates":{"created":"Publicado 12 horas atr\u00e1s","modified":"Atualizado 8 horas atr\u00e1s"},"absolute_dates":{"created":"Publicado em 1 de maio de 2026","modified":"Atualizado em 1 de maio de 2026"},"absolute_dates_time":{"created":"Publicado em 1 de maio de 2026 00:54","modified":"Atualizado em 1 de maio de 2026 04:30"},"featured_img_caption":"","featured_img":false,"series_order":"","fields":false,"feature_media_details":false,"categories_names":[],"_links":{"self":[{"href":"https:\/\/exploraelperu.com\/pt-br\/wp-json\/wp\/v2\/pages\/5660","targetHints":{"allow":["GET"]}}],"collection":[{"href":"https:\/\/exploraelperu.com\/pt-br\/wp-json\/wp\/v2\/pages"}],"about":[{"href":"https:\/\/exploraelperu.com\/pt-br\/wp-json\/wp\/v2\/types\/page"}],"author":[{"embeddable":true,"href":"https:\/\/exploraelperu.com\/pt-br\/wp-json\/wp\/v2\/users\/3"}],"replies":[{"embeddable":true,"href":"https:\/\/exploraelperu.com\/pt-br\/wp-json\/wp\/v2\/comments?post=5660"}],"version-history":[{"count":3,"href":"https:\/\/exploraelperu.com\/pt-br\/wp-json\/wp\/v2\/pages\/5660\/revisions"}],"predecessor-version":[{"id":5663,"href":"https:\/\/exploraelperu.com\/pt-br\/wp-json\/wp\/v2\/pages\/5660\/revisions\/5663"}],"wp:attachment":[{"href":"https:\/\/exploraelperu.com\/pt-br\/wp-json\/wp\/v2\/media?parent=5660"}],"curies":[{"name":"wp","href":"https:\/\/api.w.org\/{rel}","templated":true}]}}