{"id":5694,"date":"2026-05-01T00:47:45","date_gmt":"2026-04-30T22:47:45","guid":{"rendered":"https:\/\/exploraelperu.com\/caminhadas\/"},"modified":"2026-05-01T17:46:23","modified_gmt":"2026-05-01T15:46:23","slug":"caminhadas","status":"publish","type":"page","link":"https:\/\/exploraelperu.com\/pt-br\/caminhadas\/","title":{"rendered":"Caminhadas"},"content":{"rendered":"\t\t<div data-elementor-type=\"wp-page\" data-elementor-id=\"5694\" class=\"elementor elementor-5694 elementor-5438\">\n\t\t\t\t<div class=\"elementor-element elementor-element-56c68f24 e-flex e-con-boxed e-con e-parent\" data-id=\"56c68f24\" data-element_type=\"container\" data-e-type=\"container\" data-settings=\"{&quot;background_background&quot;:&quot;classic&quot;}\">\n\t\t\t\t\t<div class=\"e-con-inner\">\n\t\t<div class=\"elementor-element elementor-element-6322603c e-con-full e-flex elementor-invisible e-con e-child\" data-id=\"6322603c\" data-element_type=\"container\" data-e-type=\"container\" data-settings=\"{&quot;animation&quot;:&quot;fadeIn&quot;}\">\n\t\t\t\t<div class=\"elementor-element elementor-element-1131f36a elementor-widget elementor-widget-shortcode\" data-id=\"1131f36a\" data-element_type=\"widget\" data-e-type=\"widget\" data-widget_type=\"shortcode.default\">\n\t\t\t\t\t\t\t<div class=\"elementor-shortcode\">    <nav class=\"dh-breadcrumb\" aria-label=\"Breadcrumb\">\n        <a href=\"https:\/\/exploraelperu.com\/pt-br\/\">Inicio<\/a>\n\n        <span class=\"separator\">\u203a<\/span><a href=\"https:\/\/exploraelperu.com\/pt-br\/pt-br\/\">Pt Br<\/a><span class=\"separator\">\u203a<\/span><a href=\"https:\/\/exploraelperu.com\/pt-br\/pt-br\/wp-json\/\">Wp Json<\/a><span class=\"separator\">\u203a<\/span><a href=\"https:\/\/exploraelperu.com\/pt-br\/pt-br\/wp-json\/wp\/\">Wp<\/a><span class=\"separator\">\u203a<\/span><a href=\"https:\/\/exploraelperu.com\/pt-br\/pt-br\/wp-json\/wp\/v2\/\">V2<\/a><span class=\"separator\">\u203a<\/span><a href=\"https:\/\/exploraelperu.com\/pt-br\/pt-br\/wp-json\/wp\/v2\/pages\/\">Pages<\/a><span class=\"separator\">\u203a<\/span><span class=\"current\">5694<\/span>    <\/nav>\n    \n<\/div>\n\t\t\t\t\t\t<\/div>\n\t\t\t\t<div class=\"elementor-element elementor-element-f9ee563 elementor-widget elementor-widget-heading\" data-id=\"f9ee563\" data-element_type=\"widget\" data-e-type=\"widget\" data-widget_type=\"heading.default\">\n\t\t\t\t\t<h1 class=\"elementor-heading-title elementor-size-default\">Caminhadas<\/h1>\t\t\t\t<\/div>\n\t\t\t\t<\/div>\n\t\t\t\t\t<\/div>\n\t\t\t\t<\/div>\n\t\t<div class=\"elementor-element elementor-element-5f1b3d81 e-flex e-con-boxed e-con e-parent\" data-id=\"5f1b3d81\" data-element_type=\"container\" data-e-type=\"container\">\n\t\t\t\t\t<div class=\"e-con-inner\">\n\t\t\t\t<div class=\"elementor-element elementor-element-4a424a20 elementor-widget elementor-widget-shortcode\" data-id=\"4a424a20\" data-element_type=\"widget\" data-e-type=\"widget\" data-widget_type=\"shortcode.default\">\n\t\t\t\t\t\t\t<div class=\"elementor-shortcode\">\n    <div class=\"seccion-slider\">\n        <div class=\"wrap__slider__destinos swiper max-w-screen-xl mx-auto\">\n            <div class=\"swiper-wrapper\">\n\n            \n                <div class=\"swiper-slide\">\n                    <article class=\"cts-card\">\n                        <a href=\"https:\/\/exploraelperu.com\/pt-br\/tour\/humantay-e-salkantay-2-dias\/\"\n                           class=\"\">\n\t\t\t\t\t\t\t<div class=\"cts-card-image\">\n\t\t\t\t\t\t\t\t <img decoding=\"async\" src=\"https:\/\/exploraelperu.com\/wp-content\/uploads\/2024\/04\/lake-humanta_Explora-el-Peru-768x402.webp\"\n                                 alt=\"Humantay e Salkantay 2 dias\"\n                                 class=\" \">\n\t\t\t\t\t\t\t<\/div>\n                        <\/a>\n                        <div class=\"cts-card-content\">\n                            <div class=\"space-y-2\">\n                                <h4 class=\"\">\n                                    <a href=\"https:\/\/exploraelperu.com\/pt-br\/tour\/humantay-e-salkantay-2-dias\/\" class=\"hover:underline\">\n                                        Humantay e Salkantay 2 dias                                    <\/a>\n                                <\/h4>\n\n                                                                <div class=\"info-tour-card\">\n\n                                                                        <span class=\"\">\n                                        <i class=\"fa-solid fa-clock\"><\/i>\n                                        D\u00eda Completo                                    <\/span>\n                                    \n                                                                        <span class=\"\">\n                                        <i class=\"fa-solid fa-person-hiking\"><\/i>\n                                        F\u00e1cil                                    <\/span>\n                                    \n                                <\/div>\n                                \n                                <p class=\"text-muted-foreground line-clamp-3\">\n                                    Excurs\u00e3o \u00e0 Lagoa Humantay e ao Monte Salkantay Dura\u00e7\u00e3o Tamanho do grupo Altura m\u00e1xima Dificuldade Excurs\u00e3o \u00e0 Lagoa Humantay e ao Monte Salkantay \u2013 2 dias Descubra a magia dos Andes em um trekking de dois dias repleto de paisagens impressionantes, ar puro e conex\u00e3o com a natureza.Este tour \u00e9 ideal para os amantes da [&hellip;]                                <\/p>\n                            <\/div>\n\n                                                        <div class=\"preciaso\">\n                                <p class=\"\">\n                                    Desde:<br>\n                                    <b class=\"text-2xl text-foreground\">\n                                        <i class=\"fa-solid fa-tag\"><\/i> $50                                    <\/b> \/ por pessoa                                <\/p>\n                            <\/div>\n                            \n                        <\/div>\n                    <\/article>\n                <\/div>\n\n            \n                <div class=\"swiper-slide\">\n                    <article class=\"cts-card\">\n                        <a href=\"https:\/\/exploraelperu.com\/pt-br\/tour\/laguna-69\/\"\n                           class=\"\">\n\t\t\t\t\t\t\t<div class=\"cts-card-image\">\n\t\t\t\t\t\t\t\t <img decoding=\"async\" src=\"https:\/\/exploraelperu.com\/wp-content\/uploads\/2025\/04\/WhatsApp-Image-2025-04-12-at-12.34.11-PM_Explora-el-Peru-768x346.webp\"\n                                 alt=\"Laguna 69\"\n                                 class=\" \">\n\t\t\t\t\t\t\t<\/div>\n                        <\/a>\n                        <div class=\"cts-card-content\">\n                            <div class=\"space-y-2\">\n                                <h4 class=\"\">\n                                    <a href=\"https:\/\/exploraelperu.com\/pt-br\/tour\/laguna-69\/\" class=\"hover:underline\">\n                                        Laguna 69                                    <\/a>\n                                <\/h4>\n\n                                                                <div class=\"info-tour-card\">\n\n                                                                        <span class=\"\">\n                                        <i class=\"fa-solid fa-clock\"><\/i>\n                                        Dia Completo                                    <\/span>\n                                    \n                                                                        <span class=\"\">\n                                        <i class=\"fa-solid fa-person-hiking\"><\/i>\n                                        F\u00e1cil                                    <\/span>\n                                    \n                                <\/div>\n                                \n                                <p class=\"text-muted-foreground line-clamp-3\">\n                                    Tour Laguna 69 Dura\u00e7\u00e3o Tamanho do grupo Altura m\u00e1xima Dificuldade Tour Laguna 69 1 dia Viva uma aventura inesquec\u00edvel rumo \u00e0 Laguna 69, uma joia de intenso azul cercada por imponentes nevados no cora\u00e7\u00e3o do Parque Nacional Huascar\u00e1n. Partimos bem cedo desde Huaraz, atravessando povoados andinos e paisagens espetaculares como as lagoas de Llanganuco. Durante [&hellip;]                                <\/p>\n                            <\/div>\n\n                                                        <div class=\"preciaso\">\n                                <p class=\"\">\n                                    Desde:<br>\n                                    <b class=\"text-2xl text-foreground\">\n                                        <i class=\"fa-solid fa-tag\"><\/i> $50                                    <\/b> \/ por pessoa                                <\/p>\n                            <\/div>\n                            \n                        <\/div>\n                    <\/article>\n                <\/div>\n\n            \n                <div class=\"swiper-slide\">\n                    <article class=\"cts-card\">\n                        <a href=\"https:\/\/exploraelperu.com\/pt-br\/tour\/laguna-paron\/\"\n                           class=\"\">\n\t\t\t\t\t\t\t<div class=\"cts-card-image\">\n\t\t\t\t\t\t\t\t <img decoding=\"async\" src=\"https:\/\/exploraelperu.com\/wp-content\/uploads\/2025\/04\/26397365025_29155a139c_k_Explora-el-Peru-768x507.webp\"\n                                 alt=\"Laguna Par\u00f3n\"\n                                 class=\" \">\n\t\t\t\t\t\t\t<\/div>\n                        <\/a>\n                        <div class=\"cts-card-content\">\n                            <div class=\"space-y-2\">\n                                <h4 class=\"\">\n                                    <a href=\"https:\/\/exploraelperu.com\/pt-br\/tour\/laguna-paron\/\" class=\"hover:underline\">\n                                        Laguna Par\u00f3n                                    <\/a>\n                                <\/h4>\n\n                                                                <div class=\"info-tour-card\">\n\n                                                                        <span class=\"\">\n                                        <i class=\"fa-solid fa-clock\"><\/i>\n                                        Dia Completo                                    <\/span>\n                                    \n                                                                        <span class=\"\">\n                                        <i class=\"fa-solid fa-person-hiking\"><\/i>\n                                        F\u00e1cil                                    <\/span>\n                                    \n                                <\/div>\n                                \n                                <p class=\"text-muted-foreground line-clamp-3\">\n                                    Tour Laguna Paron Dura\u00e7\u00e3o Tamanho do grupo Altura m\u00e1xima Dificuldade Tour Laguna Paron 1 dia Embarque em uma aventura inesquec\u00edvel rumo \u00e0 m\u00e1gica Laguna Par\u00f3n, um impressionante lago de \u00e1guas turquesa localizado a 4.250 m de altitude no cora\u00e7\u00e3o da Cordilheira Blanca. Desde Huaraz, voc\u00ea percorrer\u00e1 povoados andinos e atravessar\u00e1 c\u00e2nions glaciais at\u00e9 chegar a [&hellip;]                                <\/p>\n                            <\/div>\n\n                                                        <div class=\"preciaso\">\n                                <p class=\"\">\n                                    Desde:<br>\n                                    <b class=\"text-2xl text-foreground\">\n                                        <i class=\"fa-solid fa-tag\"><\/i> $50                                    <\/b> \/ por pessoa                                <\/p>\n                            <\/div>\n                            \n                        <\/div>\n                    <\/article>\n                <\/div>\n\n            \n                <div class=\"swiper-slide\">\n                    <article class=\"cts-card\">\n                        <a href=\"https:\/\/exploraelperu.com\/pt-br\/tour\/waqrapukara-1-dia\/\"\n                           class=\"\">\n\t\t\t\t\t\t\t<div class=\"cts-card-image\">\n\t\t\t\t\t\t\t\t <img decoding=\"async\" src=\"https:\/\/exploraelperu.com\/wp-content\/uploads\/2025\/03\/waqrapukara-trek-1-dia-768x512.webp\"\n                                 alt=\"Waqrapukara 1 d\u00eda\"\n                                 class=\" \">\n\t\t\t\t\t\t\t<\/div>\n                        <\/a>\n                        <div class=\"cts-card-content\">\n                            <div class=\"space-y-2\">\n                                <h4 class=\"\">\n                                    <a href=\"https:\/\/exploraelperu.com\/pt-br\/tour\/waqrapukara-1-dia\/\" class=\"hover:underline\">\n                                        Waqrapukara 1 d\u00eda                                    <\/a>\n                                <\/h4>\n\n                                                                <div class=\"info-tour-card\">\n\n                                                                        <span class=\"\">\n                                        <i class=\"fa-solid fa-clock\"><\/i>\n                                        D\u00eda Completo                                    <\/span>\n                                    \n                                                                        <span class=\"\">\n                                        <i class=\"fa-solid fa-person-hiking\"><\/i>\n                                        F\u00e1cil                                    <\/span>\n                                    \n                                <\/div>\n                                \n                                <p class=\"text-muted-foreground line-clamp-3\">\n                                    Caminhada Waqrapukara Dura\u00e7\u00e3o Tamanho do grupo Altura m\u00e1xima Dificuldade Caminhada Waqrapukara \u2013 1 dia Waqrapukara, cujo nome significa \u201cfortaleza em forma de chifre\u201d em qu\u00e9chua, \u00e9 um impressionante s\u00edtio arqueol\u00f3gico inca localizado na prov\u00edncia de Acomayo, Cusco. Situado a 4.300 metros acima do n\u00edvel do mar, combina arquitetura incaica com paisagens andinas espetaculares. Este local, [&hellip;]                                <\/p>\n                            <\/div>\n\n                                                        <div class=\"preciaso\">\n                                <p class=\"\">\n                                    Desde:<br>\n                                    <b class=\"text-2xl text-foreground\">\n                                        <i class=\"fa-solid fa-tag\"><\/i> $50                                    <\/b> \/ por pessoa                                <\/p>\n                            <\/div>\n                            \n                        <\/div>\n                    <\/article>\n                <\/div>\n\n            \n                <div class=\"swiper-slide\">\n                    <article class=\"cts-card\">\n                        <a href=\"https:\/\/exploraelperu.com\/pt-br\/tour\/machu-picchu-de-carro-2-dias\/\"\n                           class=\"\">\n\t\t\t\t\t\t\t<div class=\"cts-card-image\">\n\t\t\t\t\t\t\t\t <img decoding=\"async\" src=\"https:\/\/exploraelperu.com\/wp-content\/uploads\/2024\/11\/tour-a-machu-picchu-en-bus.webp\"\n                                 alt=\"Machu Picchu de carro 2 d\u00edas\"\n                                 class=\" \">\n\t\t\t\t\t\t\t<\/div>\n                        <\/a>\n                        <div class=\"cts-card-content\">\n                            <div class=\"space-y-2\">\n                                <h4 class=\"\">\n                                    <a href=\"https:\/\/exploraelperu.com\/pt-br\/tour\/machu-picchu-de-carro-2-dias\/\" class=\"hover:underline\">\n                                        Machu Picchu de carro 2 d\u00edas                                    <\/a>\n                                <\/h4>\n\n                                                                <div class=\"info-tour-card\">\n\n                                                                        <span class=\"\">\n                                        <i class=\"fa-solid fa-clock\"><\/i>\n                                        D\u00eda Completo                                    <\/span>\n                                    \n                                                                        <span class=\"\">\n                                        <i class=\"fa-solid fa-person-hiking\"><\/i>\n                                        F\u00e1cil                                    <\/span>\n                                    \n                                <\/div>\n                                \n                                <p class=\"text-muted-foreground line-clamp-3\">\n                                    Excurs\u00e3o a Machu Picchu de carro Dura\u00e7\u00e3o Tamanho do grupo Altura m\u00e1xima Dificuldade Excurs\u00e3o de carro a Machu Picchu \u2013 2 dias Esta \u00e9 uma rota de entrada para Machu Picchu, mais conhecida como rota amaz\u00f4nica. \u00c9 uma alternativa econ\u00f4mica para descobrir a grande maravilha. A viagem de transporte de Cusco at\u00e9 a Hidroel\u00e9ctrica leva [&hellip;]                                <\/p>\n                            <\/div>\n\n                                                        <div class=\"preciaso\">\n                                <p class=\"\">\n                                    Desde:<br>\n                                    <b class=\"text-2xl text-foreground\">\n                                        <i class=\"fa-solid fa-tag\"><\/i> $50                                    <\/b> \/ por pessoa                                <\/p>\n                            <\/div>\n                            \n                        <\/div>\n                    <\/article>\n                <\/div>\n\n            \n                <div class=\"swiper-slide\">\n                    <article class=\"cts-card\">\n                        <a href=\"https:\/\/exploraelperu.com\/pt-br\/tour\/7-lagoas-de-ausangate\/\"\n                           class=\"\">\n\t\t\t\t\t\t\t<div class=\"cts-card-image\">\n\t\t\t\t\t\t\t\t <img decoding=\"async\" src=\"https:\/\/exploraelperu.com\/wp-content\/uploads\/2024\/09\/tour-7-lagunas-de-ausangate-1-768x512.webp\"\n                                 alt=\"7 Lagoas de Ausangate\"\n                                 class=\" \">\n\t\t\t\t\t\t\t<\/div>\n                        <\/a>\n                        <div class=\"cts-card-content\">\n                            <div class=\"space-y-2\">\n                                <h4 class=\"\">\n                                    <a href=\"https:\/\/exploraelperu.com\/pt-br\/tour\/7-lagoas-de-ausangate\/\" class=\"hover:underline\">\n                                        7 Lagoas de Ausangate                                    <\/a>\n                                <\/h4>\n\n                                                                <div class=\"info-tour-card\">\n\n                                                                        <span class=\"\">\n                                        <i class=\"fa-solid fa-clock\"><\/i>\n                                        D\u00eda Completo                                    <\/span>\n                                    \n                                                                        <span class=\"\">\n                                        <i class=\"fa-solid fa-person-hiking\"><\/i>\n                                        F\u00e1cil                                    <\/span>\n                                    \n                                <\/div>\n                                \n                                <p class=\"text-muted-foreground line-clamp-3\">\n                                    Excurs\u00e3o \u00e0s 7 Lagoas de Ausangate Dura\u00e7\u00e3o Tamanho do grupo Altura m\u00e1xima Dificuldade Excurs\u00e3o \u00e0s 7 Lagoas de Ausangate \u2013 1 dia Uma nova alternativa para os amantes da natureza e das lagoas. Novo percurso com muito potencial para ser um dos mais visitados pelos turistas, aproveite-o hoje pois ainda n\u00e3o \u00e9 muito frequentado. Embarcaremos [&hellip;]                                <\/p>\n                            <\/div>\n\n                                                        <div class=\"preciaso\">\n                                <p class=\"\">\n                                    Desde:<br>\n                                    <b class=\"text-2xl text-foreground\">\n                                        <i class=\"fa-solid fa-tag\"><\/i> $50                                    <\/b> \/ por pessoa                                <\/p>\n                            <\/div>\n                            \n                        <\/div>\n                    <\/article>\n                <\/div>\n\n            \n                <div class=\"swiper-slide\">\n                    <article class=\"cts-card\">\n                        <a href=\"https:\/\/exploraelperu.com\/pt-br\/tour\/montanha-colorida-palccoyo\/\"\n                           class=\"\">\n\t\t\t\t\t\t\t<div class=\"cts-card-image\">\n\t\t\t\t\t\t\t\t <img decoding=\"async\" src=\"https:\/\/exploraelperu.com\/wp-content\/uploads\/2024\/04\/49003735927_ba66c141eb_k-768x512.jpg\"\n                                 alt=\"Montanha Colorida Palccoyo\"\n                                 class=\" \">\n\t\t\t\t\t\t\t<\/div>\n                        <\/a>\n                        <div class=\"cts-card-content\">\n                            <div class=\"space-y-2\">\n                                <h4 class=\"\">\n                                    <a href=\"https:\/\/exploraelperu.com\/pt-br\/tour\/montanha-colorida-palccoyo\/\" class=\"hover:underline\">\n                                        Montanha Colorida Palccoyo                                    <\/a>\n                                <\/h4>\n\n                                \n                                <p class=\"text-muted-foreground line-clamp-3\">\n                                    A montanha colorida Palccoyo est\u00e1 localizada ao sul de Cusco e est\u00e1 a 4.900 metros acima do n\u00edvel do mar. Nos \u00faltimos anos, a sua popularidade tem vindo a crescer e embora n\u00e3o seja t\u00e3o movimentada como a montanha das 7 cores ou Vinincunca, \u00e9 uma montanha que se situa na mesma regi\u00e3o de Ausangate. [&hellip;]                                <\/p>\n                            <\/div>\n\n                            \n                        <\/div>\n                    <\/article>\n                <\/div>\n\n            \n                <div class=\"swiper-slide\">\n                    <article class=\"cts-card\">\n                        <a href=\"https:\/\/exploraelperu.com\/pt-br\/tour\/montanha-colorida-e-7-lagoas-2-dias\/\"\n                           class=\"\">\n\t\t\t\t\t\t\t<div class=\"cts-card-image\">\n\t\t\t\t\t\t\t\t <img decoding=\"async\" src=\"https:\/\/exploraelperu.com\/wp-content\/uploads\/2024\/04\/picmou_Explora-el-Peru-768x576.webp\"\n                                 alt=\"Montanha Colorida e 7 Lagoas 2 d\u00edas\"\n                                 class=\" \">\n\t\t\t\t\t\t\t<\/div>\n                        <\/a>\n                        <div class=\"cts-card-content\">\n                            <div class=\"space-y-2\">\n                                <h4 class=\"\">\n                                    <a href=\"https:\/\/exploraelperu.com\/pt-br\/tour\/montanha-colorida-e-7-lagoas-2-dias\/\" class=\"hover:underline\">\n                                        Montanha Colorida e 7 Lagoas 2 d\u00edas                                    <\/a>\n                                <\/h4>\n\n                                                                <div class=\"info-tour-card\">\n\n                                                                        <span class=\"\">\n                                        <i class=\"fa-solid fa-clock\"><\/i>\n                                        D\u00eda Completo                                    <\/span>\n                                    \n                                                                        <span class=\"\">\n                                        <i class=\"fa-solid fa-person-hiking\"><\/i>\n                                        F\u00e1cil                                    <\/span>\n                                    \n                                <\/div>\n                                \n                                <p class=\"text-muted-foreground line-clamp-3\">\n                                    Montanha Arco-\u00cdris e as 7 Lagoas de Ausangate Dura\u00e7\u00e3o Tamanho do grupo Altura m\u00e1xima Dificuldade Montanha Arco-\u00cdris e as 7 Lagoas de Ausangate \u2013 2 dias Criamos este itiner\u00e1rio para pessoas que desejam conhecer esses dois lugares maravilhosos sem retornar a Cusco, j\u00e1 que ambos est\u00e3o localizados na mesma regi\u00e3o de Ausangate. Visitaremos a montanha [&hellip;]                                <\/p>\n                            <\/div>\n\n                                                        <div class=\"preciaso\">\n                                <p class=\"\">\n                                    Desde:<br>\n                                    <b class=\"text-2xl text-foreground\">\n                                        <i class=\"fa-solid fa-tag\"><\/i> $50                                    <\/b> \/ por pessoa                                <\/p>\n                            <\/div>\n                            \n                        <\/div>\n                    <\/article>\n                <\/div>\n\n            \n                <div class=\"swiper-slide\">\n                    <article class=\"cts-card\">\n                        <a href=\"https:\/\/exploraelperu.com\/pt-br\/tour\/montanha-colorida-1-dia\/\"\n                           class=\"\">\n\t\t\t\t\t\t\t<div class=\"cts-card-image\">\n\t\t\t\t\t\t\t\t <img decoding=\"async\" src=\"https:\/\/exploraelperu.com\/wp-content\/uploads\/2024\/04\/mountain_Explora-el-Peru-768x574.webp\"\n                                 alt=\"Montanha Colorida 1 d\u00eda\"\n                                 class=\" \">\n\t\t\t\t\t\t\t<\/div>\n                        <\/a>\n                        <div class=\"cts-card-content\">\n                            <div class=\"space-y-2\">\n                                <h4 class=\"\">\n                                    <a href=\"https:\/\/exploraelperu.com\/pt-br\/tour\/montanha-colorida-1-dia\/\" class=\"hover:underline\">\n                                        Montanha Colorida 1 d\u00eda                                    <\/a>\n                                <\/h4>\n\n                                                                <div class=\"info-tour-card\">\n\n                                                                        <span class=\"\">\n                                        <i class=\"fa-solid fa-clock\"><\/i>\n                                        D\u00eda Completo                                    <\/span>\n                                    \n                                                                        <span class=\"\">\n                                        <i class=\"fa-solid fa-person-hiking\"><\/i>\n                                        F\u00e1cil                                    <\/span>\n                                    \n                                <\/div>\n                                \n                                <p class=\"text-muted-foreground line-clamp-3\">\n                                    Excurs\u00e3o \u00e0 Montanha Arco-\u00cdris Dura\u00e7\u00e3o Tamanho do grupo Altura m\u00e1xima Dificuldade Excurs\u00e3o de dia inteiro \u00e0 Montanha Arco-\u00cdris Localizada ao sul de Cusco, esta \u00e9 uma atra\u00e7\u00e3o tur\u00edstica que voc\u00ea deve adicionar ao seu roteiro de viagem a Cusco. Vinincunca, atualmente conhecida como a montanha das 7 cores ou montanha colorida est\u00e1 entre um dos [&hellip;]                                <\/p>\n                            <\/div>\n\n                                                        <div class=\"preciaso\">\n                                <p class=\"\">\n                                    Desde:<br>\n                                    <b class=\"text-2xl text-foreground\">\n                                        <i class=\"fa-solid fa-tag\"><\/i> $50                                    <\/b> \/ por pessoa                                <\/p>\n                            <\/div>\n                            \n                        <\/div>\n                    <\/article>\n                <\/div>\n\n            \n                <div class=\"swiper-slide\">\n                    <article class=\"cts-card\">\n                        <a href=\"https:\/\/exploraelperu.com\/pt-br\/tour\/lagoa-humantay-1-dia\/\"\n                           class=\"\">\n\t\t\t\t\t\t\t<div class=\"cts-card-image\">\n\t\t\t\t\t\t\t\t <img decoding=\"async\" src=\"https:\/\/exploraelperu.com\/wp-content\/uploads\/2024\/04\/49436423142_bfeb20557c_k_Explora-el-Peru-768x432.webp\"\n                                 alt=\"Lagoa Humantay 1 d\u00eda\"\n                                 class=\" \">\n\t\t\t\t\t\t\t<\/div>\n                        <\/a>\n                        <div class=\"cts-card-content\">\n                            <div class=\"space-y-2\">\n                                <h4 class=\"\">\n                                    <a href=\"https:\/\/exploraelperu.com\/pt-br\/tour\/lagoa-humantay-1-dia\/\" class=\"hover:underline\">\n                                        Lagoa Humantay 1 d\u00eda                                    <\/a>\n                                <\/h4>\n\n                                                                <div class=\"info-tour-card\">\n\n                                                                        <span class=\"\">\n                                        <i class=\"fa-solid fa-clock\"><\/i>\n                                        D\u00eda Completo                                    <\/span>\n                                    \n                                                                        <span class=\"\">\n                                        <i class=\"fa-solid fa-person-hiking\"><\/i>\n                                        F\u00e1cil                                    <\/span>\n                                    \n                                <\/div>\n                                \n                                <p class=\"text-muted-foreground line-clamp-3\">\n                                    Excurs\u00e3o \u00e0 Lagoa Humantay Dura\u00e7\u00e3o Tamanho do grupo Altura m\u00e1xima Dificuldade Excurs\u00e3o de dia inteiro \u00e0 Lagoa Humantay Localizada ao norte da cidade de Cusco, a Lagoa Humantay vem ganhando grande popularidade nos \u00faltimos anos, tanto que mais de mil pessoas podem ser vistas por dia, o que a torna um destino movimentado e visitado [&hellip;]                                <\/p>\n                            <\/div>\n\n                                                        <div class=\"preciaso\">\n                                <p class=\"\">\n                                    Desde:<br>\n                                    <b class=\"text-2xl text-foreground\">\n                                        <i class=\"fa-solid fa-tag\"><\/i> $50                                    <\/b> \/ por pessoa                                <\/p>\n                            <\/div>\n                            \n                        <\/div>\n                    <\/article>\n                <\/div>\n\n            \n                <div class=\"swiper-slide\">\n                    <article class=\"cts-card\">\n                        <a href=\"https:\/\/exploraelperu.com\/pt-br\/tour\/selva-inca-4-dias\/\"\n                           class=\"\">\n\t\t\t\t\t\t\t<div class=\"cts-card-image\">\n\t\t\t\t\t\t\t\t <img decoding=\"async\" src=\"https:\/\/exploraelperu.com\/wp-content\/uploads\/2024\/04\/Inca-jun_Explora-el-Peru-768x576.webp\"\n                                 alt=\"Selva Inca 4 d\u00edas\"\n                                 class=\" \">\n\t\t\t\t\t\t\t<\/div>\n                        <\/a>\n                        <div class=\"cts-card-content\">\n                            <div class=\"space-y-2\">\n                                <h4 class=\"\">\n                                    <a href=\"https:\/\/exploraelperu.com\/pt-br\/tour\/selva-inca-4-dias\/\" class=\"hover:underline\">\n                                        Selva Inca 4 d\u00edas                                    <\/a>\n                                <\/h4>\n\n                                                                <div class=\"info-tour-card\">\n\n                                                                        <span class=\"\">\n                                        <i class=\"fa-solid fa-clock\"><\/i>\n                                        D\u00eda Completo                                    <\/span>\n                                    \n                                                                        <span class=\"\">\n                                        <i class=\"fa-solid fa-person-hiking\"><\/i>\n                                        F\u00e1cil                                    <\/span>\n                                    \n                                <\/div>\n                                \n                                <p class=\"text-muted-foreground line-clamp-3\">\n                                    Caminhada pela selva de Inca \u2013 4 dias Dura\u00e7\u00e3o Tamanho do grupo Altura m\u00e1xima Dificuldade Esta \u00e9 uma das alternativas para chegar a Machu Picchu de uma forma bem diferente. Sinta a adrenalina desfrutando de uma descida em mountain bike, realize canoagem classe 3 e 4 no grande rio Lucumayo. Al\u00e9m desses esportes, teremos um [&hellip;]                                <\/p>\n                            <\/div>\n\n                                                        <div class=\"preciaso\">\n                                <p class=\"\">\n                                    Desde:<br>\n                                    <b class=\"text-2xl text-foreground\">\n                                        <i class=\"fa-solid fa-tag\"><\/i> $50                                    <\/b> \/ por pessoa                                <\/p>\n                            <\/div>\n                            \n                        <\/div>\n                    <\/article>\n                <\/div>\n\n            \n                <div class=\"swiper-slide\">\n                    <article class=\"cts-card\">\n                        <a href=\"https:\/\/exploraelperu.com\/pt-br\/tour\/salkantay-para-machu-picchu-5-dias\/\"\n                           class=\"\">\n\t\t\t\t\t\t\t<div class=\"cts-card-image\">\n\t\t\t\t\t\t\t\t <img decoding=\"async\" src=\"https:\/\/exploraelperu.com\/wp-content\/uploads\/2024\/04\/salkaa_Explora-el-Peru-768x576.webp\"\n                                 alt=\"Salkantay para Machu Picchu 5 dias\"\n                                 class=\" \">\n\t\t\t\t\t\t\t<\/div>\n                        <\/a>\n                        <div class=\"cts-card-content\">\n                            <div class=\"space-y-2\">\n                                <h4 class=\"\">\n                                    <a href=\"https:\/\/exploraelperu.com\/pt-br\/tour\/salkantay-para-machu-picchu-5-dias\/\" class=\"hover:underline\">\n                                        Salkantay para Machu Picchu 5 dias                                    <\/a>\n                                <\/h4>\n\n                                \n                                <p class=\"text-muted-foreground line-clamp-3\">\n                                    A montanha coberta de neve Salkantay com uma altitude de 6.271metros acima do n\u00edvel do mar est\u00e1 localizada a noroeste de Cusco, \u00e9 a montanha mais alta da cordilheira de Vilcabamba. Esta \u00e9 uma das rotas de caminhada que leva a Machu Picchu, uma rota alternativa para clientes que n\u00e3o encontraram disponibilidade na Trilha Inca [&hellip;]                                <\/p>\n                            <\/div>\n\n                            \n                        <\/div>\n                    <\/article>\n                <\/div>\n\n            \n                <div class=\"swiper-slide\">\n                    <article class=\"cts-card\">\n                        <a href=\"https:\/\/exploraelperu.com\/pt-br\/tour\/trilha-inca-4-dias\/\"\n                           class=\"\">\n\t\t\t\t\t\t\t<div class=\"cts-card-image\">\n\t\t\t\t\t\t\t\t <img decoding=\"async\" src=\"https:\/\/exploraelperu.com\/wp-content\/uploads\/2024\/11\/MAPI-EXPE2-768x354.webp\"\n                                 alt=\"Trilha Inca 4 d\u00edas\"\n                                 class=\" \">\n\t\t\t\t\t\t\t<\/div>\n                        <\/a>\n                        <div class=\"cts-card-content\">\n                            <div class=\"space-y-2\">\n                                <h4 class=\"\">\n                                    <a href=\"https:\/\/exploraelperu.com\/pt-br\/tour\/trilha-inca-4-dias\/\" class=\"hover:underline\">\n                                        Trilha Inca 4 d\u00edas                                    <\/a>\n                                <\/h4>\n\n                                \n                                <p class=\"text-muted-foreground line-clamp-3\">\n                                    Trilha Inca 4 d\u00edas Duraci\u00f3n Grupo M\u00e1xima Altura Dificultad Trilha Inca 4 d\u00edas Considerada uma das caminhadas mais cl\u00e1ssicas do mundo. Os Qhapac \u00d1an ou Caminhos del Inca eram impressionantes redes rodovi\u00e1rias que se estendiam por mais de 40 000 km e ligavam 6 pa\u00edses sul-americanos. Este pequeno trecho que liga o Vale Sagrado a [&hellip;]                                <\/p>\n                            <\/div>\n\n                            \n                        <\/div>\n                    <\/article>\n                <\/div>\n\n            \n                <div class=\"swiper-slide\">\n                    <article class=\"cts-card\">\n                        <a href=\"https:\/\/exploraelperu.com\/pt-br\/tour\/trilha-inca-2-dias\/\"\n                           class=\"\">\n\t\t\t\t\t\t\t<div class=\"cts-card-image\">\n\t\t\t\t\t\t\t\t <img decoding=\"async\" src=\"https:\/\/exploraelperu.com\/wp-content\/uploads\/2024\/11\/MAPI-EXPE-768x576.webp\"\n                                 alt=\"Trilha Inca 2 dias\"\n                                 class=\" \">\n\t\t\t\t\t\t\t<\/div>\n                        <\/a>\n                        <div class=\"cts-card-content\">\n                            <div class=\"space-y-2\">\n                                <h4 class=\"\">\n                                    <a href=\"https:\/\/exploraelperu.com\/pt-br\/tour\/trilha-inca-2-dias\/\" class=\"hover:underline\">\n                                        Trilha Inca 2 dias                                    <\/a>\n                                <\/h4>\n\n                                \n                                <p class=\"text-muted-foreground line-clamp-3\">\n                                    Trilha Inca \u2013 2 dias Dura\u00e7\u00e3o Tamanho do grupo Altura m\u00e1xima Dificuldade Caminho Inca curto \u2013 2 dias Uma alternativa curta para chegar a Machu Picchu e para pessoas que n\u00e3o t\u00eam tempo suficiente ou que n\u00e3o conseguiram adquirir o ingresso para a cl\u00e1ssica Trilha Inca de 4 dias. Um passeio que o deixar\u00e1 maravilhado [&hellip;]                                <\/p>\n                            <\/div>\n\n                            \n                        <\/div>\n                    <\/article>\n                <\/div>\n\n            \n            <\/div>\n\n            <div class=\"swiper-button-prev\"><svg viewBox=\"0 0 32 32\" version=\"1.1\" xmlns=\"http:\/\/www.w3.org\/2000\/svg\" xmlns:xlink=\"http:\/\/www.w3.org\/1999\/xlink\" fill=\"#000000\">\n                        <g id=\"SVGRepo_bgCarrier\" stroke-width=\"0\"><\/g>\n                        <g id=\"SVGRepo_tracerCarrier\" stroke-linecap=\"round\" stroke-linejoin=\"round\"><\/g>\n                        <g id=\"SVGRepo_iconCarrier\">\n                            <g id=\"icomoon-ignore\"> <\/g>\n                            <path d=\"M12.792 15.233l-0.754 0.754 6.035 6.035 0.754-0.754-5.281-5.281 5.256-5.256-0.754-0.754-3.013 3.013z\" fill=\"#000000\"> <\/path>\n                        <\/g>\n                    <\/svg><\/div>\n            <div class=\"swiper-button-next\"><svg viewBox=\"0 0 32 32\" version=\"1.1\" xmlns=\"http:\/\/www.w3.org\/2000\/svg\" xmlns:xlink=\"http:\/\/www.w3.org\/1999\/xlink\" fill=\"#000000\">\n                        <g id=\"SVGRepo_bgCarrier\" stroke-width=\"0\"><\/g>\n                        <g id=\"SVGRepo_tracerCarrier\" stroke-linecap=\"round\" stroke-linejoin=\"round\"><\/g>\n                        <g id=\"SVGRepo_iconCarrier\">\n                            <g id=\"icomoon-ignore\"> <\/g>\n                            <path d=\"M19.159 16.767l0.754-0.754-6.035-6.035-0.754 0.754 5.281 5.281-5.256 5.256 0.754 0.754 3.013-3.013z\" fill=\"#000000\"> <\/path>\n                        <\/g>\n                    <\/svg><\/div>\n\n        <\/div>\n    <\/div>\n\n    \n<\/div>\n\t\t\t\t\t\t<\/div>\n\t\t\t\t\t<\/div>\n\t\t\t\t<\/div>\n\t\t\t\t<\/div>\n\t\t","protected":false},"excerpt":{"rendered":"<p>Caminhadas<\/p>\n","protected":false},"author":3,"featured_media":0,"parent":0,"menu_order":0,"comment_status":"closed","ping_status":"closed","template":"","meta":{"_acf_changed":false,"advgb_blocks_editor_width":"","advgb_blocks_columns_visual_guide":"","footnotes":""},"class_list":["post-5694","page","type-page","status-publish","hentry"],"acf":[],"yoast_head":"<!-- This site is optimized with the Yoast SEO plugin v26.9 - https:\/\/yoast.com\/product\/yoast-seo-wordpress\/ -->\n<title>Caminhadas - Explora El Peru<\/title>\n<meta name=\"robots\" content=\"index, follow, max-snippet:-1, max-image-preview:large, max-video-preview:-1\" \/>\n<link rel=\"canonical\" href=\"https:\/\/exploraelperu.com\/pt-br\/caminhadas\/\" \/>\n<meta property=\"og:locale\" content=\"pt_BR\" \/>\n<meta property=\"og:type\" content=\"article\" \/>\n<meta property=\"og:title\" content=\"Caminhadas - Explora El Peru\" \/>\n<meta property=\"og:description\" content=\"Caminhadas\" \/>\n<meta property=\"og:url\" content=\"https:\/\/exploraelperu.com\/pt-br\/caminhadas\/\" \/>\n<meta property=\"og:site_name\" content=\"Explora El Peru\" \/>\n<meta property=\"article:modified_time\" content=\"2026-05-01T15:46:23+00:00\" \/>\n<meta name=\"twitter:card\" content=\"summary_large_image\" \/>\n<script type=\"application\/ld+json\" class=\"yoast-schema-graph\">{\"@context\":\"https:\/\/schema.org\",\"@graph\":[{\"@type\":\"WebPage\",\"@id\":\"https:\/\/exploraelperu.com\/pt-br\/caminhadas\/\",\"url\":\"https:\/\/exploraelperu.com\/pt-br\/caminhadas\/\",\"name\":\"Caminhadas - Explora El Peru\",\"isPartOf\":{\"@id\":\"https:\/\/exploraelperu.com\/pt-br\/#website\"},\"datePublished\":\"2026-04-30T22:47:45+00:00\",\"dateModified\":\"2026-05-01T15:46:23+00:00\",\"breadcrumb\":{\"@id\":\"https:\/\/exploraelperu.com\/pt-br\/caminhadas\/#breadcrumb\"},\"inLanguage\":\"pt-BR\",\"potentialAction\":[{\"@type\":\"ReadAction\",\"target\":[\"https:\/\/exploraelperu.com\/pt-br\/caminhadas\/\"]}]},{\"@type\":\"BreadcrumbList\",\"@id\":\"https:\/\/exploraelperu.com\/pt-br\/caminhadas\/#breadcrumb\",\"itemListElement\":[{\"@type\":\"ListItem\",\"position\":1,\"name\":\"Inicio\",\"item\":\"https:\/\/exploraelperu.com\/pt-br\/\"},{\"@type\":\"ListItem\",\"position\":2,\"name\":\"Caminhadas\"}]},{\"@type\":\"WebSite\",\"@id\":\"https:\/\/exploraelperu.com\/pt-br\/#website\",\"url\":\"https:\/\/exploraelperu.com\/pt-br\/\",\"name\":\"Explora El Peru\",\"description\":\"\",\"publisher\":{\"@id\":\"https:\/\/exploraelperu.com\/pt-br\/#organization\"},\"potentialAction\":[{\"@type\":\"SearchAction\",\"target\":{\"@type\":\"EntryPoint\",\"urlTemplate\":\"https:\/\/exploraelperu.com\/pt-br\/?s={search_term_string}\"},\"query-input\":{\"@type\":\"PropertyValueSpecification\",\"valueRequired\":true,\"valueName\":\"search_term_string\"}}],\"inLanguage\":\"pt-BR\"},{\"@type\":\"Organization\",\"@id\":\"https:\/\/exploraelperu.com\/pt-br\/#organization\",\"name\":\"Explora El Peru\",\"url\":\"https:\/\/exploraelperu.com\/pt-br\/\",\"logo\":{\"@type\":\"ImageObject\",\"inLanguage\":\"pt-BR\",\"@id\":\"https:\/\/exploraelperu.com\/pt-br\/#\/schema\/logo\/image\/\",\"url\":\"https:\/\/exploraelperu.com\/wp-content\/uploads\/2024\/04\/logo-explora.png\",\"contentUrl\":\"https:\/\/exploraelperu.com\/wp-content\/uploads\/2024\/04\/logo-explora.png\",\"width\":275,\"height\":104,\"caption\":\"Explora El Peru\"},\"image\":{\"@id\":\"https:\/\/exploraelperu.com\/pt-br\/#\/schema\/logo\/image\/\"}}]}<\/script>\n<!-- \/ Yoast SEO plugin. -->","yoast_head_json":{"title":"Caminhadas - Explora El Peru","robots":{"index":"index","follow":"follow","max-snippet":"max-snippet:-1","max-image-preview":"max-image-preview:large","max-video-preview":"max-video-preview:-1"},"canonical":"https:\/\/exploraelperu.com\/pt-br\/caminhadas\/","og_locale":"pt_BR","og_type":"article","og_title":"Caminhadas - Explora El Peru","og_description":"Caminhadas","og_url":"https:\/\/exploraelperu.com\/pt-br\/caminhadas\/","og_site_name":"Explora El Peru","article_modified_time":"2026-05-01T15:46:23+00:00","twitter_card":"summary_large_image","schema":{"@context":"https:\/\/schema.org","@graph":[{"@type":"WebPage","@id":"https:\/\/exploraelperu.com\/pt-br\/caminhadas\/","url":"https:\/\/exploraelperu.com\/pt-br\/caminhadas\/","name":"Caminhadas - Explora El Peru","isPartOf":{"@id":"https:\/\/exploraelperu.com\/pt-br\/#website"},"datePublished":"2026-04-30T22:47:45+00:00","dateModified":"2026-05-01T15:46:23+00:00","breadcrumb":{"@id":"https:\/\/exploraelperu.com\/pt-br\/caminhadas\/#breadcrumb"},"inLanguage":"pt-BR","potentialAction":[{"@type":"ReadAction","target":["https:\/\/exploraelperu.com\/pt-br\/caminhadas\/"]}]},{"@type":"BreadcrumbList","@id":"https:\/\/exploraelperu.com\/pt-br\/caminhadas\/#breadcrumb","itemListElement":[{"@type":"ListItem","position":1,"name":"Inicio","item":"https:\/\/exploraelperu.com\/pt-br\/"},{"@type":"ListItem","position":2,"name":"Caminhadas"}]},{"@type":"WebSite","@id":"https:\/\/exploraelperu.com\/pt-br\/#website","url":"https:\/\/exploraelperu.com\/pt-br\/","name":"Explora El Peru","description":"","publisher":{"@id":"https:\/\/exploraelperu.com\/pt-br\/#organization"},"potentialAction":[{"@type":"SearchAction","target":{"@type":"EntryPoint","urlTemplate":"https:\/\/exploraelperu.com\/pt-br\/?s={search_term_string}"},"query-input":{"@type":"PropertyValueSpecification","valueRequired":true,"valueName":"search_term_string"}}],"inLanguage":"pt-BR"},{"@type":"Organization","@id":"https:\/\/exploraelperu.com\/pt-br\/#organization","name":"Explora El Peru","url":"https:\/\/exploraelperu.com\/pt-br\/","logo":{"@type":"ImageObject","inLanguage":"pt-BR","@id":"https:\/\/exploraelperu.com\/pt-br\/#\/schema\/logo\/image\/","url":"https:\/\/exploraelperu.com\/wp-content\/uploads\/2024\/04\/logo-explora.png","contentUrl":"https:\/\/exploraelperu.com\/wp-content\/uploads\/2024\/04\/logo-explora.png","width":275,"height":104,"caption":"Explora El Peru"},"image":{"@id":"https:\/\/exploraelperu.com\/pt-br\/#\/schema\/logo\/image\/"}}]}},"coauthors":[],"author_meta":{"author_link":"https:\/\/exploraelperu.com\/pt-br\/author\/miguel\/","display_name":"miguel marquez"},"relative_dates":{"created":"Publicado 19 horas atr\u00e1s","modified":"Atualizado 2 horas atr\u00e1s"},"absolute_dates":{"created":"Publicado em 1 de maio de 2026","modified":"Atualizado em 1 de maio de 2026"},"absolute_dates_time":{"created":"Publicado em 1 de maio de 2026 00:47","modified":"Atualizado em 1 de maio de 2026 17:46"},"featured_img_caption":"","featured_img":false,"series_order":"","fields":false,"feature_media_details":false,"categories_names":[],"_links":{"self":[{"href":"https:\/\/exploraelperu.com\/pt-br\/wp-json\/wp\/v2\/pages\/5694","targetHints":{"allow":["GET"]}}],"collection":[{"href":"https:\/\/exploraelperu.com\/pt-br\/wp-json\/wp\/v2\/pages"}],"about":[{"href":"https:\/\/exploraelperu.com\/pt-br\/wp-json\/wp\/v2\/types\/page"}],"author":[{"embeddable":true,"href":"https:\/\/exploraelperu.com\/pt-br\/wp-json\/wp\/v2\/users\/3"}],"replies":[{"embeddable":true,"href":"https:\/\/exploraelperu.com\/pt-br\/wp-json\/wp\/v2\/comments?post=5694"}],"version-history":[{"count":1,"href":"https:\/\/exploraelperu.com\/pt-br\/wp-json\/wp\/v2\/pages\/5694\/revisions"}],"predecessor-version":[{"id":5695,"href":"https:\/\/exploraelperu.com\/pt-br\/wp-json\/wp\/v2\/pages\/5694\/revisions\/5695"}],"wp:attachment":[{"href":"https:\/\/exploraelperu.com\/pt-br\/wp-json\/wp\/v2\/media?parent=5694"}],"curies":[{"name":"wp","href":"https:\/\/api.w.org\/{rel}","templated":true}]}}